{"id":1395,"date":"2019-07-09T06:41:29","date_gmt":"2019-07-09T04:41:29","guid":{"rendered":"https:\/\/smartestmeteringtechnology.de\/datenschutz\/"},"modified":"2020-04-17T07:29:06","modified_gmt":"2020-04-17T05:29:06","slug":"privacy","status":"publish","type":"page","link":"https:\/\/smartestmeteringtechnology.de\/en\/privacy\/","title":{"rendered":"privacy"},"content":{"rendered":"\n<h2 class=\"wp-block-le-blocks-le-02-headline le-headline-h2\">privacy<\/h2>\n\n\n\n<p class=\"wp-block-le-blocks-le-01-text\">Wir als Firma Engelmann Sensor GmbH messen dem Datenschutz gro\u00dfe Bedeutung bei. Die Erhebung und Verarbeitung Ihrer personenbezogenen Daten geschieht unter Beachtung der geltenden datenschutzrechtlichen Vorschriften, insbesondere der Datenschutzgrundverordnung (DSGVO).<br\/> Im Folgenden informieren wir Sie \u00fcber die Erhebung personenbezogener Daten bei der Nutzung dieser SmartestMeteringTechnology-Plattform.<br\/> Personenbezogene Daten sind alle Daten, die auf Sie pers\u00f6nlich beziehbar sind, also z.\u2009B. Name, Adresse, E-Mail-Adressen, Nutzerverhalten.<\/p>\n\n\n\n<p class=\"wp-block-le-blocks-le-01-text\"><strong>1 Allgemeines <\/strong><br\/> Verantwortlicher f\u00fcr die Erhebung, Verarbeitung und Nutzung Ihrer personenbezogenen Daten im Sinne von Art. 4 Nr. 7 DSGVO ist die:<br\/> Engelmann Sensor GmbH<br\/> Rudolf-Diesel-Stra\u00dfe 24-28<br\/> 69168 Wiesloch<br\/> Deutschland<br\/> E-Mail: <a href=\"mailto:info@smartestmeteringtechnology.de\">info@smartestmeteringtechnology.de<\/a><br\/><br\/> Unseren Datenschutzbeauftragten erreichen Sie unter:<br\/> Datenschutzbeauftragter<br\/> Engelmann Sensor GmbH<br\/> Rudolf-Diesel-Stra\u00dfe 24-28<br\/> 69168 Wiesloch<br\/> Deutschland<br\/> E-Mail: <a href=\"mailto:datenschutz@engelmann.de\">datenschutz@engelmann.de<\/a><\/p>\n\n\n\n<p class=\"wp-block-le-blocks-le-01-text\"> <strong>2 Welche Daten wir verwenden und warum<\/strong> <\/p>\n\n\n\n<p class=\"wp-block-le-blocks-le-01-text\"><strong> 2.1 Zugriffsdaten<\/strong><br\/> Sie k\u00f6nnen die SmartestMeteringTechnology-Plattform der Engelmann Sensor GmbH grunds\u00e4tzlich besuchen, ohne uns mitzuteilen, wer Sie sind. Dennoch erheben, speichern und nutzen wir Daten \u00fcber jeden Zugriff auf unsere SmartestMeteringTechnology-Plattform (sogenannte Serverlogfiles).<br\/> Zu den Zugriffsdaten geh\u00f6ren:<\/p>\n\n\n\n<ul class=\"wp-block-le-blocks-le-03-list le-listType-ul\"><li>IP-Adresse<\/li><li>Datum und Uhrzeit der Anfrage<\/li><li>Zeitzonendifferenz zur Greenwich Mean Time (GMT)<\/li><li>Inhalt der Anforderung (konkrete Seite)<\/li><li>Zugriffsstatus\/HTTP-Statuscode<\/li><li>jeweils \u00fcbertragene Datenmenge<\/li><li>Webseite, von der die Anforderung kommt<\/li><li>Browser<\/li><li>Betriebssystem und dessen Oberfl\u00e4che<\/li><li>Sprache und Version der Browsersoftware<\/li><\/ul>\n\n\n\n<p class=\"wp-block-le-blocks-le-01-text\">Diese Informationen verarbeiten oder nutzen wir nur im Rahmen einer statistischen Auswertung, um die Attraktivit\u00e4t und Bedienbarkeit unserer Internet-Seiten sowie deren Inhalt st\u00e4ndig zu verbessern und um m\u00f6gliche technische Probleme in unserem Internetangebot zu erkennen. Sie bleiben als einzelner Nutzer hierbei anonym.<br\/> (Rechtsgrundlage ist Art. 6 Abs. 1 S. 1 lit. f) DSGVO)<\/p>\n\n\n\n<p class=\"wp-block-le-blocks-le-01-text\"><strong>2.2 Cookies<\/strong><br\/> Auf unserer SmartestMeteringTechnology-Plattform setzen wir Google Analytics ein, einen Webanalysedienst der Google Inc. (\u201eGoogle\u201c). Google Analytics verwendet sog. \u201eCookies\u201c, Textdateien, die auf Ihrem Computer gespeichert werden und die eine Analyse der Benutzung der SmartestMeteringTechnology-Plattform durch Sie erm\u00f6glichen. Die durch den Cookie erzeugten Informationen \u00fcber Ihre Benutzung die SmartestMeteringTechnology-Plattform werden in der Regel an einen Server von Google in den USA \u00fcbertragen und dort gespeichert.<br\/> Im Falle der Aktivierung der IP-Anonymisierung auf die SmartestMeteringTechnology-Plattform, wird Ihre IP-Adresse von Google jedoch innerhalb von Mitgliedstaaten der Europ\u00e4ischen Union oder in anderen Vertragsstaaten des Abkommens \u00fcber den Europ\u00e4ischen Wirtschaftsraum zuvor gek\u00fcrzt. Nur in Ausnahmef\u00e4llen wird die volle IP-Adresse an einen Server von Google in den USA \u00fcbertragen und dort gek\u00fcrzt. Im Auftrag des Betreibers der SmartestMeteringTechnology-Plattform wird Google diese Informationen benutzen, um Ihre Nutzung der SmartestMeteringTechnology-Plattform auszuwerten, um Reports \u00fcber die Plattformaktivit\u00e4t zusammenzustellen und um weitere mit der Plattformnutzung und der Internetnutzung verbundene Dienstleistungen gegen\u00fcber dem Plattformbetreiber zu erbringen. Die im Rahmen von Google Analytics von Ihrem Browser \u00fcbermittelte IP-Adresse wird nicht mit anderen Daten von Google zusammengef\u00fchrt. Sie k\u00f6nnen die Speicherung der Cookies durch eine entsprechende Einstellung Ihrer Browser-Software verhindern; wir weisen Sie jedoch darauf hin, dass Sie in diesem Fall gegebenenfalls nicht s\u00e4mtliche Funktionen der SmartestMeteringTechnology-Plattform vollumf\u00e4nglich nutzen werden k\u00f6nnen.<br\/><br\/> Im folgenden eine \u00dcbersicht der Cookies, die von Google Analytics beim Besuch unserer SmartestMeteringTechnology-Plattform gesetzt werden:<\/p>\n\n\n\n<div class=\"wp-block-le-blocks-le-05-figure le-image\"><img decoding=\"async\" src=\"http:\/\/smartestmeteringtechnology.de\/wp-content\/uploads\/2019\/09\/cookie-info.png\" border=\"0\"\/><p class=\"le-image-subtitle\"><\/p><\/div>\n\n\n\n<p class=\"wp-block-le-blocks-le-01-text\">Sie k\u00f6nnen dar\u00fcber hinaus die Erfassung der durch das Cookie erzeugten und auf Ihre Nutzung der SmartestMeteringTechnology-Plattform bezogenen Daten (inkl. Ihrer IP-Adresse) an Google sowie die Verarbeitung dieser Daten durch Google verhindern, indem sie das unter dem folgenden Link verf\u00fcgbare Browser-Plugin herunterladen und installieren: Browser-Add-On zur Deaktivierung von Google Analytics<br\/><br\/>Weitere Cookies werden derzeit nicht gesetzt.<br\/><br\/> Tipp:<br\/> Sie k\u00f6nnen Ihren Browser so einstellen, dass Sie \u00fcber das Setzen von Cookies vorab informiert werden und im Einzelfall entscheiden k\u00f6nnen, ob Sie die Annahme von Cookies f\u00fcr bestimmte F\u00e4lle oder generell ausschlie\u00dfen, oder dass Cookies komplett verhindert werden. Dadurch kann die Funktionalit\u00e4t der SmartestMeteringTechnology-Plattform eingeschr\u00e4nkt werden.<br\/> Im folgenden finden Sie Links zum Deaktivieren bzw. L\u00f6schen von Cookies f\u00fcr alle g\u00e4ngigen Browser:<br\/> <a rel=\"noreferrer noopener\" aria-label=\"Mozilla Firefox (opens in a new tab)\" href=\"https:\/\/support.mozilla.org\/de\/kb\/cookies-und-website-daten-in-firefox-loschen?redirectlocale=de&amp;redirectslug=cookies-loeschen-daten-von-websites-entfernen\" target=\"_blank\">Mozilla Firefox<\/a><br\/> <a rel=\"noreferrer noopener\" aria-label=\"Microsoft Internet Explorer (opens in a new tab)\" href=\"https:\/\/support.microsoft.com\/en-us\/help\/17442\/windows-internet-explorer-delete-manage-cookies#ie=ie-11\" target=\"_blank\">Microsoft Internet Explorer<\/a><br\/> <a rel=\"noreferrer noopener\" aria-label=\"Google Chrome (opens in a new tab)\" href=\"https:\/\/support.google.com\/accounts\/answer\/61416?hl=de\" target=\"_blank\">Google Chrome<\/a><br\/> <a rel=\"noreferrer noopener\" aria-label=\"Microsoft Edge (opens in a new tab)\" href=\"https:\/\/support.microsoft.com\/en-us\/help\/4468242\/microsoft-edge-browsing-data-and-privacy-microsoft-privacy\" target=\"_blank\">Microsoft Edge<\/a><br\/> <a rel=\"noreferrer noopener\" aria-label=\"Opera (opens in a new tab)\" href=\"https:\/\/help.opera.com\/en\/latest\/web-preferences\/#cookies\" target=\"_blank\">Opera<\/a><br\/> <a rel=\"noreferrer noopener\" aria-label=\"Apple Safari (opens in a new tab)\" href=\"https:\/\/support.apple.com\/de-de\/guide\/safari\/sfri11471\/mac\" target=\"_blank\">Apple Safari<\/a><\/p>\n\n\n\n<p class=\"wp-block-le-blocks-le-01-text\"><strong>2.3 Daten zur Erf\u00fcllung unserer vertraglichen Pflichten<\/strong><br\/> Personenbezogene Daten speichern und verarbeiten wir nur, wenn Sie uns diese Angaben von sich aus z.B. beim Ausf\u00fcllen des Kontaktformulars oder Sie uns \u00fcber einer der angegebenen E-Mail-Adressen kontaktieren. Die personenbezogenen Daten, die Sie uns im Rahmen dieser Anfrage zur Verf\u00fcgung stellen, werden von uns gespeichert um Ihre Anfrage zu beantworten. Die in diesem Zusammenhang anfallenden Daten l\u00f6schen wir, nachdem die Speicherung nicht mehr erforderlich ist, oder schr\u00e4nken die Verarbeitung ein, falls gesetzliche Aufbewahrungspflichten bestehen. Eine Datenweitergabe an Dritte findet nicht statt.<br\/> Die Rechtgrundlage f\u00fcr die Verarbeitung dieser Daten ist Art. 6 Abs. 1 S. 1 b) DSGVO, denn diese Daten werden ben\u00f6tigt, damit wir unsere vertraglichen Pflichten Ihnen gegen\u00fcber erf\u00fcllen k\u00f6nnen.<\/p>\n\n\n\n<p class=\"wp-block-le-blocks-le-01-text\"><strong>2.4 Externe Links<\/strong><br\/> Sie finden auf unserer SmartestMeteringTechnology-Plattform Links, die auf Webseiten Dritter verweisen jedoch nicht explizit ausgewiesen sind. Wir weisen darauf hin, dass die Engelmann Sensor GmbH keinerlei Einfluss auf den Inhalt und die Gestaltung dieser Seiten anderer Anbieter hat. Die Garantien unserer Datenschutzerkl\u00e4rung gelten daher selbstverst\u00e4ndlich dort nicht.<\/p>\n\n\n\n<p class=\"wp-block-le-blocks-le-01-text\"><strong>2.5 E-Mail Kontakt<\/strong><br\/> Wenn Sie mit uns in Kontakt treten (z. B. per E-Mail), verarbeiten wir Ihre Angaben zur Bearbeitung der Anfrage sowie f\u00fcr den Fall, dass Anschlussfragen entstehen.<br\/> Erfolgt die Datenverarbeitung zur Durchf\u00fchrung vorvertraglicher Ma\u00dfnahmen, die auf Ihre Anfrage hin erfolgen, bzw., wenn Sie bereits unser Kunde sind, zur Durchf\u00fchrung des Vertrages, ist Rechtsgrundlage f\u00fcr diese Datenverarbeitung Art. 6 Abs. 1 S. 1 b) DSGVO.<br\/> Weitere personenbezogene Daten verarbeiten wir nur, wenn Sie dazu einwilligen (Art. 6 Abs. 1 S. 1 a) DSGVO) oder wir ein berechtigtes Interesse an der Verarbeitung Ihrer Daten haben (Art. 6 Abs. 1 S. 1f) DSGVO). Ein berechtigtes Interesse liegt z. B. darin, auf Ihre E-Mail zu antworten.<\/p>\n\n\n\n<p class=\"wp-block-le-blocks-le-01-text\"><strong>2.6 Speicherdauer<\/strong><br\/> Sofern nicht spezifisch angegeben speichern wir personenbezogene Daten nur so lange, wie dies zur Erf\u00fcllung der verfolgten Zwecke notwendig ist.<br\/> In einigen F\u00e4llen sieht der Gesetzgeber die Aufbewahrung von personenbezogenen Daten vor, etwa im Steuer- oder Handelsrecht. In diesen F\u00e4llen werden die Daten von uns lediglich f\u00fcr diese gesetzlichen Zwecke weiter gespeichert, aber nicht anderweitig verarbeitet und nach Ablauf der gesetzlichen Aufbewahrungsfrist gel\u00f6scht.<\/p>\n\n\n\n<p class=\"wp-block-le-blocks-le-01-text\"><strong>3 Ihre Rechte als von der Datenverarbeitung Betroffener<\/strong><br\/> Nach den anwendbaren Gesetzen haben Sie verschiedene Rechte bez\u00fcglich Ihrer personenbezogenen Daten. M\u00f6chten Sie diese Rechte geltend machen, so richten Sie Ihre Anfrage bitte per E-Mail oder per Post unter eindeutiger Identifizierung Ihrer Person an die in Ziffer 1 genannte Adresse.<br\/> Nachfolgend finden Sie eine \u00dcbersicht \u00fcber Ihre Rechte.<\/p>\n\n\n\n<p class=\"wp-block-le-blocks-le-01-text\"><strong>3.1 Recht auf Best\u00e4tigung und Auskunft<\/strong><br\/> Sie haben das Recht auf eine \u00fcbersichtliche Auskunft \u00fcber die Verarbeitung Ihrer personenbezogenen Daten.<br\/> Im Einzelnen:<br\/> Sie haben jederzeit das Recht, von uns eine Best\u00e4tigung dar\u00fcber zu erhalten, ob Sie betreffende personenbezogene Daten verarbeitet werden. Ist dies der Fall, so haben Sie das Recht, von uns eine unentgeltliche Auskunft \u00fcber die zu Ihnen gespeicherten personenbezogenen Daten nebst einer Kopie dieser Daten zu verlangen.<br\/> Des Weiteren besteht ein Recht auf folgende Informationen:<\/p>\n\n\n\n<ol class=\"wp-block-le-blocks-le-03-list le-listType-ol\"><li>die Verarbeitungszwecke;<\/li><li>die Kategorien personenbezogener Daten, die verarbeitet werden;<\/li><li>die Empf\u00e4nger oder Kategorien von Empf\u00e4ngern, gegen\u00fcber denen die personenbezogenen Daten offengelegt worden sind oder noch offengelegt werden, insbesondere bei Empf\u00e4ngern in Drittl\u00e4ndern oder bei internationalen Organisationen;<\/li><li>falls m\u00f6glich, die geplante Dauer, f\u00fcr die die personenbezogenen Daten gespeichert werden, oder, falls dies nicht m\u00f6glich ist, die Kriterien f\u00fcr die Festlegung dieser Dauer;<\/li><li>das Bestehen eines Rechts auf Berichtigung oder L\u00f6schung der Sie betreffenden personenbezogenen Daten oder auf Einschr\u00e4nkung der Verarbeitung durch den Verantwortlichen oder eines Widerspruchsrechts gegen diese Verarbeitung;<\/li><li>das Bestehen eines Beschwerderechts bei einer Aufsichtsbeh\u00f6rde;<\/li><li>wenn die personenbezogenen Daten nicht bei Ihnen erhoben werden, alle verf\u00fcgbaren Informationen \u00fcber die Herkunft der Daten;<\/li><li>das Bestehen einer automatisierten Entscheidungsfindung einschlie\u00dflich Profiling gem\u00e4\u00df Art. 22 Abs. 1 und 4 DSGVO und \u2013 zumindest in diesen F\u00e4llen \u2013 aussagekr\u00e4ftige Informationen \u00fcber die involvierte Logik sowie die Tragweite und die angestrebten Auswirkungen einer derartigen Verarbeitung f\u00fcr Sie.<\/li><\/ol>\n\n\n\n<p class=\"wp-block-le-blocks-le-01-text\">Werden personenbezogene Daten an ein Drittland oder an eine internationale Organisation \u00fcbermittelt, so haben Sie das Recht, \u00fcber die geeigneten Garantien gem\u00e4\u00df Art. 46 DSGVO im Zusammenhang mit der \u00dcbermittlung unterrichtet zu werden. Dieses wird aktuell nicht praktiziert und ist auch in Zukunft nicht geplant.<\/p>\n\n\n\n<p class=\"wp-block-le-blocks-le-01-text\"><strong>3.2 Recht auf Berichtigung<\/strong><br\/> Sie haben das Recht, von uns die Berichtigung und ggf. auch Vervollst\u00e4ndigung Sie betreffender personenbezogener Daten zu verlangen.<br\/> Im Einzelnen:<br\/> Sie haben das Recht, von uns unverz\u00fcglich die Berichtigung Sie betreffender unrichtiger personenbezogener Daten zu verlangen. Unter Ber\u00fccksichtigung der Zwecke der Verarbeitung haben Sie das Recht, die Vervollst\u00e4ndigung unvollst\u00e4ndiger personenbezogener Daten \u2013 auch mittels einer erg\u00e4nzenden Erkl\u00e4rung \u2013 zu verlangen.<\/p>\n\n\n\n<p class=\"wp-block-le-blocks-le-01-text\"><strong>3.3 Recht auf L\u00f6schung (\u201eRecht auf Vergessenwerden\u201c)<\/strong><br\/> In einer Reihe von F\u00e4llen sind wir verpflichtet, Sie betreffende personenbezogene Daten zu l\u00f6schen.<br\/> Im Einzelnen:<br\/> Sie haben gem\u00e4\u00df Art. 17 Abs. 1 DSGVO das Recht, von uns zu verlangen, dass Sie betreffende personenbezogene Daten unverz\u00fcglich gel\u00f6scht werden, und wir sind verpflichtet, personenbezogene Daten unverz\u00fcglich zu l\u00f6schen, sofern einer der folgenden Gr\u00fcnde zutrifft:<\/p>\n\n\n\n<ol class=\"wp-block-le-blocks-le-03-list le-listType-ol\"><li>Die personenbezogenen Daten sind f\u00fcr die Zwecke, f\u00fcr die sie erhoben oder auf sonstige Weise verarbeitet wurden, nicht mehr notwendig.<\/li><li>Sie widerrufen Ihre Einwilligung, auf die sich die Verarbeitung gem\u00e4\u00df Art. 6 Abs. 1 S. 1 a) DSGVO oder Art. 9 Abs. 2 a) DSGVO st\u00fctzte, und es fehlt an einer anderweitigen Rechtsgrundlage f\u00fcr die Verarbeitung.<\/li><li>Sie legen gem\u00e4\u00df Art. 21 Abs. 1 DSGVO Widerspruch gegen die Verarbeitung ein und es liegen keine vorrangigen berechtigten Gr\u00fcnde f\u00fcr die Verarbeitung vor, oder Sie legen gem\u00e4\u00df Art. 21 Abs. 2 DSGVO Widerspruch gegen die Verarbeitung ein.<\/li><li>Die personenbezogenen Daten wurden unrechtm\u00e4\u00dfig verarbeitet.<\/li><li>Die L\u00f6schung der personenbezogenen Daten ist zur Erf\u00fcllung einer rechtlichen Verpflichtung nach dem Unionsrecht oder dem Recht der Mitgliedstaaten erforderlich, dem wir unterliegen.<\/li><li>Die personenbezogenen Daten wurden in Bezug auf angebotene Dienste der Informationsgesellschaft gem\u00e4\u00df Art. 8 Abs. 1 DSGVO erhoben.<\/li><\/ol>\n\n\n\n<p class=\"wp-block-le-blocks-le-01-text\">Haben wir die personenbezogenen Daten \u00f6ffentlich gemacht und sind wir gem\u00e4\u00df Art. 17 Abs. 1 DSGVO zu deren L\u00f6schung verpflichtet, so treffen wir unter Ber\u00fccksichtigung der verf\u00fcgbaren Technologie und der Implementierungskosten angemessene Ma\u00dfnahmen, auch technischer Art, um f\u00fcr die Datenverarbeitung Verantwortliche, die die personenbezogenen Daten verarbeiten, dar\u00fcber zu informieren, dass Sie von Ihnen die L\u00f6schung aller Links zu diesen personenbezogenen Daten oder von Kopien oder Replikationen dieser personenbezogenen Daten verlangt haben.<\/p>\n\n\n\n<p class=\"wp-block-le-blocks-le-01-text\"><strong>3.4 Recht auf Einschr\u00e4nkung der Verarbeitung<\/strong><br\/> In einer Reihe von F\u00e4llen sind Sie berechtigt, von uns eine Einschr\u00e4nkung der Verarbeitung Ihrer personenbezogenen Daten zu verlangen.<br\/> Im Einzelnen:<br\/> Sie haben das Recht, von uns die Einschr\u00e4nkung der Verarbeitung zu verlangen, wenn eine der folgenden Voraussetzungen gegeben ist:<\/p>\n\n\n\n<ol class=\"wp-block-le-blocks-le-03-list le-listType-ol\"><li>die Richtigkeit der personenbezogenen Daten wird von Ihnen bestritten, und zwar f\u00fcr eine Dauer, die es uns erm\u00f6glicht, die Richtigkeit der personenbezogenen Daten zu \u00fcberpr\u00fcfen,<\/li><li>die Verarbeitung unrechtm\u00e4\u00dfig ist und Sie die L\u00f6schung der personenbezogenen Daten ablehnten und stattdessen die Einschr\u00e4nkung der Nutzung der personenbezogenen Daten verlangt haben;<\/li><li>wir die personenbezogenen Daten f\u00fcr die Zwecke der Verarbeitung nicht l\u00e4nger ben\u00f6tigen, Sie die Daten jedoch zur Geltendmachung, Aus\u00fcbung oder Verteidigung von Rechtsanspr\u00fcchen ben\u00f6tigen, oder<\/li><li>Sie Widerspruch gegen die Verarbeitung gem\u00e4\u00df Art. 21 Abs. 1 DSGVO eingelegt haben, solange noch nicht feststeht, ob die berechtigten Gr\u00fcnde unseres Unternehmens gegen\u00fcber den Ihren \u00fcberwiegen.<\/li><\/ol>\n\n\n\n<p class=\"wp-block-le-blocks-le-01-text\"><strong>3.5 Recht auf Daten\u00fcbertragbarkeit<\/strong><br\/> Sie haben das Recht, Sie betreffende personenbezogene Daten maschinenlesbar zu erhalten, zu \u00fcbermitteln, oder von uns \u00fcbermitteln zu lassen.<br\/> Im Einzelnen:<br\/> Sie haben das Recht, die Sie betreffenden personenbezogenen Daten, die Sie uns bereitgestellt haben, in einem strukturierten, g\u00e4ngigen und maschinenlesbaren Format zu erhalten, und Sie haben das Recht, diese Daten einem anderen Verantwortlichen ohne Behinderung durch uns zu \u00fcbermitteln, sofern<\/p>\n\n\n\n<ol class=\"wp-block-le-blocks-le-03-list le-listType-ol\"><li>die Verarbeitung auf einer Einwilligung gem\u00e4\u00df Art. 6 Abs. 1 S. 1 a) DSGVO oder Art. 9 Abs. 2 a) DSGVO oder auf einem Vertrag gem\u00e4\u00df Art. 6 Abs. 1 S. 1 b) DSGVO beruht und<\/li><li>die Verarbeitung mithilfe automatisierter Verfahren erfolgt.<\/li><\/ol>\n\n\n\n<p class=\"wp-block-le-blocks-le-01-text\">Bei der Aus\u00fcbung Ihres Rechts auf Daten\u00fcbertragbarkeit gem\u00e4\u00df Absatz 1 haben Sie das Recht, zu erwirken, dass die personenbezogenen Daten direkt von uns einem anderen Verantwortlichen \u00fcbermittelt werden, soweit dies technisch machbar ist.<\/p>\n\n\n\n<p class=\"wp-block-le-blocks-le-01-text\"><strong>3.6 Widerspruchsrecht<\/strong><br\/> Sie haben das Recht, aus einer rechtm\u00e4\u00dfigen Verarbeitung Ihrer personenbezogenen Daten durch uns zu widersprechen, wenn sich dies aus Ihrer besonderen Situation begr\u00fcndet und unsere Interessen an der Verarbeitung nicht \u00fcberwiegen.<br\/> Im Einzelnen:<br\/> Sie haben das Recht, aus Gr\u00fcnden, die sich aus Ihrer besonderen Situation ergeben, jederzeit gegen die Verarbeitung Sie betreffender personenbezogener Daten, die aufgrund von Art. 6 Abs. 1 S. 1 e) oder f) DSGVO erfolgt, Widerspruch einzulegen; dies gilt auch f\u00fcr ein auf diese Bestimmungen gest\u00fctztes Profiling. Wir verarbeiten die personenbezogenen Daten nicht mehr, es sei denn, wir k\u00f6nnen zwingende schutzw\u00fcrdige Gr\u00fcnde f\u00fcr die Verarbeitung nachweisen, die Ihre Interessen, Rechte und Freiheiten \u00fcberwiegen, oder die Verarbeitung dient der Geltendmachung, Aus\u00fcbung oder Verteidigung von Rechtsanspr\u00fcchen.<br\/> Werden personenbezogene Daten von uns verarbeitet, um Direktwerbung zu betreiben, so haben Sie das Recht, jederzeit Widerspruch gegen die Verarbeitung Sie betreffender personenbezogener Daten zum Zwecke derartiger Werbung einzulegen; dies gilt auch f\u00fcr das Profiling, soweit es mit solcher Direktwerbung in Verbindung steht.<br\/> Sie haben das Recht, aus Gr\u00fcnden, die sich aus Ihrer besonderen Situation ergeben, gegen die Sie betreffende Verarbeitung Sie betreffender personenbezogener Daten, die zu wissenschaftlichen oder historischen Forschungszwecken oder zu statistischen Zwecken gem\u00e4\u00df Art. 89 Abs. 1 DSGVO erfolgt, Widerspruch einzulegen, es sei denn, die Verarbeitung ist zur Erf\u00fcllung einer im \u00f6ffentlichen Interesse liegenden Aufgabe erforderlich.<\/p>\n\n\n\n<p class=\"wp-block-le-blocks-le-01-text\"><strong>3.7 Automatisierte Entscheidungen einschlie\u00dflich Profiling<\/strong><br\/> Sie haben das Recht, nicht einer ausschlie\u00dflich auf einer automatisierten Verarbeitung \u2013 einschlie\u00dflich Profiling \u2013 beruhenden Entscheidung unterworfen zu werden, die Ihnen gegen\u00fcber rechtliche Wirkung entfaltet oder Sie in \u00e4hnlicher Weise erheblich beeintr\u00e4chtigt.<br\/> Eine automatisierte Entscheidungsfindung auf der Grundlage der erhobenen personenbezogenen Daten findet nicht statt.<\/p>\n\n\n\n<p class=\"wp-block-le-blocks-le-01-text\"><strong>3.8 Recht auf Widerruf einer datenschutzrechtlichen Einwilligung<\/strong><br\/> Sie haben das Recht, eine Einwilligung zur Verarbeitung personenbezogener Daten jederzeit zu widerrufen.<\/p>\n\n\n\n<p class=\"wp-block-le-blocks-le-01-text\"><strong>3.9 Recht auf Beschwerde bei einer Aufsichtsbeh\u00f6rde<\/strong><br\/> Sie haben das Recht auf Beschwerde bei einer Aufsichtsbeh\u00f6rde, insbesondere in dem Mitgliedstaat Ihres Aufenthaltsorts, Ihres Arbeitsplatzes oder des Orts des mutma\u00dflichen Versto\u00dfes, wenn Sie der Ansicht sind, dass die Verarbeitung der Sie betreffenden personenbezogenen Daten rechtswidrig ist.<\/p>\n\n\n\n<p class=\"wp-block-le-blocks-le-01-text\"><strong>4 Datensicherheit<\/strong><br\/> Wir sind um die Sicherheit Ihrer Daten im Rahmen der geltenden Datenschutzgesetze und technischen M\u00f6glichkeiten maximal bem\u00fcht.<br\/> Um Ihrer Daten gegen zuf\u00e4llige oder vors\u00e4tzliche Manipulationen, Verlust, Zerst\u00f6rung oder gegen den Zugriff unberechtigter Personen zu sch\u00fctzen unterhalten wir technische und organisatorische Sicherungsma\u00dfnahmen entsprechend Art. 32 DSGVO, die wir immer wieder dem Stand der Technik anpassen.<\/p>\n\n\n\n<p class=\"wp-block-le-blocks-le-01-text\"><strong>5 Weitergabe von Daten an Dritte, keine Daten\u00fcbertragung ins Nicht-EU-Ausland<\/strong><br\/> Grunds\u00e4tzlich verwenden wir Ihre personenbezogenen Daten nur innerhalb unseres Unternehmens.<br\/> Wenn und soweit wir Dritte im Rahmen der Erf\u00fcllung von Vertr\u00e4gen einschalten (etwa Logistik- Dienstleister), erhalten diese personenbezogene Daten nur in dem Umfang, in welchem die \u00dcbermittlung f\u00fcr die entsprechende Leistung erforderlich ist.<br\/> Eine Daten\u00fcbertragung an Stellen oder Personen au\u00dferhalb der EU au\u00dferhalb des in dieser Erkl\u00e4rung in Ziffer 4 genannten Falls findet nicht statt und ist nicht geplant.<\/p>\n\n\n\n<p class=\"wp-block-le-blocks-le-01-text\"><strong>6 Daten im Impressum<\/strong><br\/> Der Nutzung von im Rahmen der Impressumspflicht ver\u00f6ffentlichten Kontaktdaten durch Dritte zur \u00dcbersendung von nicht ausdr\u00fccklich angeforderter Werbung und Informationsmaterialien widersprechen wir ausdr\u00fccklich. Wir behalten uns ausdr\u00fccklich rechtliche Schritte im Falle der unverlangten Zusendung von Werbeinformationen, etwa durch Spam-Mails, vor.<\/p>\n\n\n\n<p class=\"wp-block-le-blocks-le-01-text\"><strong>7 \u00c4nderungen dieser Datenschutzerkl\u00e4rung<\/strong><br\/> Wir behalten uns vor, diese Datenschutzerkl\u00e4rung in Einvernehmen mit den gesetzlichen Datenschutzbestimmungen anzupassen. Die jeweils aktuell geltende Version ist f\u00fcr Sie im Bereich Datenschutz unseres Internetauftritts jederzeit einsehbar.<\/p>\n","protected":false},"excerpt":{"rendered":"","protected":false},"author":1,"featured_media":0,"parent":0,"menu_order":0,"comment_status":"closed","ping_status":"closed","template":"","meta":{"footnotes":""},"publishpress_future_action":{"enabled":false,"date":"2026-05-01 16:26:23","action":"draft","terms":[],"taxonomy":"translation_priority"},"_links":{"self":[{"href":"https:\/\/smartestmeteringtechnology.de\/en\/wp-json\/wp\/v2\/pages\/1395"}],"collection":[{"href":"https:\/\/smartestmeteringtechnology.de\/en\/wp-json\/wp\/v2\/pages"}],"about":[{"href":"https:\/\/smartestmeteringtechnology.de\/en\/wp-json\/wp\/v2\/types\/page"}],"author":[{"embeddable":true,"href":"https:\/\/smartestmeteringtechnology.de\/en\/wp-json\/wp\/v2\/users\/1"}],"replies":[{"embeddable":true,"href":"https:\/\/smartestmeteringtechnology.de\/en\/wp-json\/wp\/v2\/comments?post=1395"}],"version-history":[{"count":0,"href":"https:\/\/smartestmeteringtechnology.de\/en\/wp-json\/wp\/v2\/pages\/1395\/revisions"}],"wp:attachment":[{"href":"https:\/\/smartestmeteringtechnology.de\/en\/wp-json\/wp\/v2\/media?parent=1395"}],"curies":[{"name":"wp","href":"https:\/\/api.w.org\/{rel}","templated":true}]}}